{"id":11104,"date":"2019-09-10T15:04:52","date_gmt":"2019-09-10T13:04:52","guid":{"rendered":"https:\/\/www.cogemacoustic.com\/mentions-legales\/"},"modified":"2022-02-10T13:59:23","modified_gmt":"2022-02-10T12:59:23","slug":"menciones-legales","status":"publish","type":"page","link":"https:\/\/www.cogemacoustic.com\/es\/menciones-legales\/","title":{"rendered":"Menciones Legales"},"content":{"rendered":"<p>[et_pb_section fb_built=&#8221;1&#8243; _builder_version=&#8221;3.26.3&#8243; z_index_tablet=&#8221;500&#8243; box_shadow_horizontal_tablet=&#8221;0px&#8221; box_shadow_vertical_tablet=&#8221;0px&#8221; box_shadow_blur_tablet=&#8221;40px&#8221; box_shadow_spread_tablet=&#8221;0px&#8221; global_colors_info=&#8221;{}&#8221;][et_pb_row column_structure=&#8221;1_2,1_2&#8243; _builder_version=&#8221;3.25&#8243; background_size=&#8221;initial&#8221; background_position=&#8221;top_left&#8221; background_repeat=&#8221;repeat&#8221; global_colors_info=&#8221;{}&#8221;][et_pb_column type=&#8221;1_2&#8243; _builder_version=&#8221;3.0.47&#8243; custom_padding=&#8221;|||&#8221; global_colors_info=&#8221;{}&#8221; custom_padding__hover=&#8221;|||&#8221;][et_pb_text admin_label=&#8221;\u00c9diteur&#8221; _builder_version=&#8221;4.14.7&#8243; background_size=&#8221;initial&#8221; background_position=&#8221;top_left&#8221; background_repeat=&#8221;repeat&#8221; z_index_tablet=&#8221;500&#8243; use_border_color=&#8221;off&#8221; global_colors_info=&#8221;{}&#8221;]<\/p>\n<h3>Editor<\/h3>\n<p>Este sitio de internet es propiedad de Cogemacoustic.\u00a0 La principal vocaci\u00f3n de este sitio es brindar informaciones propuestas por Cogemacoustic, la sede de nuestra empresa est\u00e1 ubicada\u00a0:<br \/>42, route du Palais \u2013 B.P. 11575<br \/>87022 LIMOGES Cedex 9 \u2013 FRANCE<\/p>\n<p>[\/et_pb_text][et_pb_text admin_label=&#8221;Directeur de publication&#8221; _builder_version=&#8221;4.14.7&#8243; background_size=&#8221;initial&#8221; background_position=&#8221;top_left&#8221; background_repeat=&#8221;repeat&#8221; use_border_color=&#8221;off&#8221; global_colors_info=&#8221;{}&#8221;]<\/p>\n<h3>Director de publicaci\u00f3n<\/h3>\n<p>Sra. Marion ORIEZ<\/p>\n<h3>Responsable de la publicacion<\/h3>\n<p>Sr. Alan GILLIER<\/p>\n<p>[\/et_pb_text][\/et_pb_column][et_pb_column type=&#8221;1_2&#8243; _builder_version=&#8221;3.0.47&#8243; custom_padding=&#8221;|||&#8221; global_colors_info=&#8221;{}&#8221; custom_padding__hover=&#8221;|||&#8221;][et_pb_text admin_label=&#8221;Site propuls\u00e9 par :&#8221; _builder_version=&#8221;4.14.7&#8243; background_size=&#8221;initial&#8221; background_position=&#8221;top_left&#8221; background_repeat=&#8221;repeat&#8221; use_border_color=&#8221;off&#8221; global_colors_info=&#8221;{}&#8221;]<\/p>\n<h3>Sitio propulsado por\u200b<\/h3>\n<p><a href=\"https:\/\/es.wordpress.org\/\" target=\"_blank\" rel=\"noopener noreferrer\">WordPress<\/a><\/p>\n<p>[\/et_pb_text][et_pb_text admin_label=&#8221;Conception et d\u00e9veloppement&#8221; _builder_version=&#8221;4.14.7&#8243; background_size=&#8221;initial&#8221; background_position=&#8221;top_left&#8221; background_repeat=&#8221;repeat&#8221; use_border_color=&#8221;off&#8221; global_colors_info=&#8221;{}&#8221;]<\/p>\n<h3>Dise\u00f1o y desarrollo<\/h3>\n<p><strong>L&#8217;Agence <br \/><\/strong>66 avenue de la Lib\u00e9ration 87000 LIMOGES <br \/>T\u00e9l. : +33 (0)5 55 12 13 13 E-mail : &#x62;&#x6f;&#x6e;&#x6a;&#x6f;&#117;&#114;&#64;&#108;age&#x6e;&#x63;&#x65;&#x2e;&#x63;&#x6f; <a href=\"https:\/\/www.lagence.co\/\" target=\"_blank\" rel=\"noopener noreferrer\">www.LAgence.co<\/a><\/p>\n<p>[\/et_pb_text][et_pb_text admin_label=&#8221;H\u00e9bergement du site internet&#8221; _builder_version=&#8221;4.14.7&#8243; background_size=&#8221;initial&#8221; background_position=&#8221;top_left&#8221; background_repeat=&#8221;repeat&#8221; use_border_color=&#8221;off&#8221; global_colors_info=&#8221;{}&#8221;]<\/p>\n<h3>Alojamiento del sitio web<\/h3>\n<p><strong><a href=\"https:\/\/www.ovh.com\/es\/\" target=\"_blank\" rel=\"noopener noreferrer\">OVH SAS<\/a><\/strong> Sociedad de acciones simplificadas con un capital de 10 069 020 \u20ac que tiene su sede en 2 rue Kellermann \u00e0 59100 Roubaix \u2013 FRANCE (empresa inmatriculada con el numero 424 761 419 00045 (RCS Lille M\u00e9tropole).<\/p>\n<p>[\/et_pb_text][\/et_pb_column][\/et_pb_row][et_pb_row _builder_version=&#8221;3.25&#8243; background_size=&#8221;initial&#8221; background_position=&#8221;top_left&#8221; background_repeat=&#8221;repeat&#8221; global_colors_info=&#8221;{}&#8221;][et_pb_column type=&#8221;4_4&#8243; _builder_version=&#8221;3.25&#8243; custom_padding=&#8221;|||&#8221; global_colors_info=&#8221;{}&#8221; custom_padding__hover=&#8221;|||&#8221;][et_pb_divider color=&#8221;#000000&#8243; disabled_on=&#8221;on|on|off&#8221; _builder_version=&#8221;4.9.4&#8243; global_colors_info=&#8221;{}&#8221;]<\/p>\n<p>\n&nbsp;<\/p>\n<p>[\/et_pb_divider][\/et_pb_column][\/et_pb_row][et_pb_row _builder_version=&#8221;3.25&#8243; background_size=&#8221;initial&#8221; background_position=&#8221;top_left&#8221; background_repeat=&#8221;repeat&#8221; global_colors_info=&#8221;{}&#8221;][et_pb_column type=&#8221;4_4&#8243; _builder_version=&#8221;3.25&#8243; custom_padding=&#8221;|||&#8221; global_colors_info=&#8221;{}&#8221; custom_padding__hover=&#8221;|||&#8221;][et_pb_text admin_label=&#8221;Propri\u00e9t\u00e9 intellectuelle&#8221; _builder_version=&#8221;4.14.7&#8243; background_size=&#8221;initial&#8221; background_position=&#8221;top_left&#8221; background_repeat=&#8221;repeat&#8221; use_border_color=&#8221;off&#8221; global_colors_info=&#8221;{}&#8221;]<\/p>\n<h3>Propiedad intelectual<\/h3>\n<p>El contenido del sitio web es propiedad de <strong>Cogemacoustic<\/strong>. <br \/>Se permite el uso de estos datos solamente para fines personales no comerciales. Queda excluido el uso de estos datos para fines comerciales a nivel local, nacional e internacional.<br \/>Ningun logo, texto, grafico o imagen contenida en nuestro sitio web no podr\u00e1 ser copiada, reproducidad, modificada, publicada, emitida o transmitida, sin importar el medio, sin la autorizaci\u00f3n escrita de <strong>Cogemacoustic<\/strong>.<\/p>\n<p>[\/et_pb_text][et_pb_text admin_label=&#8221;Lien hypertextes&#8221; _builder_version=&#8221;4.14.7&#8243; background_size=&#8221;initial&#8221; background_position=&#8221;top_left&#8221; background_repeat=&#8221;repeat&#8221; use_border_color=&#8221;off&#8221; global_colors_info=&#8221;{}&#8221;]<\/p>\n<h3>Link hipertextos<\/h3>\n<p>Las paginas del sitio web podr\u00e1n presentar links con otros sitios a hacer renv\u00edos hacia otros sitios ajenos a nuestra empresa. <br \/><strong>Cogemacoustic<\/strong> no se presenta garante del contenido de esos otros sitios, <strong>Cogemacoustic<\/strong> no asumir\u00e1 los da\u00f1os causados por otros sitios web.<\/p>\n<p>[\/et_pb_text][et_pb_text admin_label=&#8221;Responsabilit\u00e9&#8221; _builder_version=&#8221;4.14.7&#8243; background_size=&#8221;initial&#8221; background_position=&#8221;top_left&#8221; background_repeat=&#8221;repeat&#8221; hover_enabled=&#8221;0&#8243; use_border_color=&#8221;off&#8221; global_colors_info=&#8221;{}&#8221; sticky_enabled=&#8221;0&#8243;]<\/p>\n<h3>Responsabilidad<\/h3>\n<p><strong>Cogemacoustic<\/strong> no se hace responsable de ning\u00fan da\u00f1o directo o indirecto que resulte de una interrupci\u00f3n, cualquier mal funcionamiento, y esto por cualquier motivo, o incluso de cualquier da\u00f1o directo o indirecto que resulte de cualquier manera, de una conexi\u00f3n al sitio.<br \/>La conexi\u00f3n de cualquier persona al sitio es bajo su total responsabilidad.<\/p>\n<p>[\/et_pb_text][et_pb_text admin_label=&#8221;Cr\u00e9dits photo&#8221; _builder_version=&#8221;4.14.7&#8243; background_size=&#8221;initial&#8221; background_position=&#8221;top_left&#8221; background_repeat=&#8221;repeat&#8221; use_border_color=&#8221;off&#8221; global_colors_info=&#8221;{}&#8221;]<\/p>\n<h3>Cr\u00e9ditos fotos<\/h3>\n<p>Todas las fotograf\u00edas publicadas en el sitio web de <strong>Cogemacoustic<\/strong> est\u00e1n protegidas por derechos de autor.<br \/>No se pueden utilizar en otro soporte sin el consentimiento previo por escrito del autor de la foto.<\/p>\n<p>[\/et_pb_text][et_pb_text admin_label=&#8221;Protection des donn\u00e9es personnelles&#8221; _builder_version=&#8221;4.14.7&#8243; background_size=&#8221;initial&#8221; background_position=&#8221;top_left&#8221; background_repeat=&#8221;repeat&#8221; hover_enabled=&#8221;0&#8243; use_border_color=&#8221;off&#8221; global_colors_info=&#8221;{}&#8221; sticky_enabled=&#8221;0&#8243;]<\/p>\n<h3>Protecci\u00f3n de datos personales<\/h3>\n<p>Damos especial importancia al respeto de la privacidad y de sus datos personales. La protecci\u00f3n de sus datos personales es un elemento esencial de nuestra relaci\u00f3n, ya sea usted cliente o usuario de nuestros servicios y sitios. Esta relaci\u00f3n se basa en un principio de transparencia destinado a respetar su privacidad de conformidad con la normativa vigente en Francia y Europa, en particular en aplicaci\u00f3n de la Ley de Protecci\u00f3n de Datos y el Reglamento General de Protecci\u00f3n de Datos (RGPD), el &#8220;Reglamento&#8221;. Este cap\u00edtulo le informa sobre las categor\u00edas de datos personales que procesamos, la forma en que los usamos, las categor\u00edas de destinatarios a quienes los comunicamos, as\u00ed como los derechos que tiene.<\/p>\n<p>[\/et_pb_text][et_pb_tabs _builder_version=&#8221;4.14.7&#8243; hover_enabled=&#8221;0&#8243; global_colors_info=&#8221;{}&#8221; sticky_enabled=&#8221;0&#8243;][et_pb_tab title=&#8221;Cuales son los datos que recopilamos&#8221; _builder_version=&#8221;4.14.7&#8243; global_colors_info=&#8221;{}&#8221;]<\/p>\n<p>De acuerdo con el principio de minimizaci\u00f3n, solo recopilamos los datos necesarios para los fines para los que son tratados. Podemos recopilar datos personales directamente de usted o indirectamente a trav\u00e9s de terceros. El usuario est\u00e1 obligado a facilitar esta informaci\u00f3n con pleno conocimiento de causa, en particular cuando la introduce \u00e9l mismo. A continuaci\u00f3n, se especifica al usuario del sitio la obligaci\u00f3n o no de proporcionar esta informaci\u00f3n.<br \/>Las diferentes categor\u00edas de datos recopilados durante su registro y como parte de su uso de nuestros servicios o aplicaciones son las siguientes:<\/p>\n<ul>\n<li>Datos de identificaci\u00f3n (nombre, apellido, empresa);<\/li>\n<li>Datos de contacto (direcci\u00f3n postal, e-mail, n\u00famero de tel\u00e9fono)<\/li>\n<li>Datos de uso (incluidas las p\u00e1ginas web visitadas, los destinos llamados, las herramientas y el contenido);<\/li>\n<li>Datos de conexi\u00f3n (en particular, la direcci\u00f3n IP de su computadora, registros de conexi\u00f3n y uso);<\/li>\n<li>Datos financieros (medios e historial de pagos);<\/li>\n<li>Datos comerciales (lista de productos y servicios de los que se beneficia);<\/li>\n<li>Datos de localizaci\u00f3n;<\/li>\n<li>Datos de contenido.<\/li>\n<\/ul>\n<p>[\/et_pb_tab][et_pb_tab title=&#8221;\u00bfPara qu\u00e9 usos?&#8221; _builder_version=&#8221;4.14.7&#8243; hover_enabled=&#8221;0&#8243; global_colors_info=&#8221;{}&#8221; sticky_enabled=&#8221;0&#8243;]<\/p>\n<p><b>Prop\u00f3sitos<br \/><\/b>Solo recopilamos informaci\u00f3n personal relacionada con el usuario para la necesidad de ciertos servicios ofrecidos por este sitio. Sus datos personales se recopilan y procesan \u00fanicamente seg\u00fan la base de las normas legales previstas por el reglamento:<\/p>\n<p>1. En el marco de ejecuci\u00f3n del contrato:<\/p>\n<p style=\"padding-left: 40px;\">\u2022 Identificaci\u00f3n y autenticaci\u00f3n del cliente o usuario;<br \/>\u2022 Comunicaciones con el cliente (asistencia t\u00e9cnica y comercial);<br \/>\u2022 Gesti\u00f3n de litigios e impagos;<br \/>\u2022 Gesti\u00f3n de derechos y solicitudes de ejercicio de derechos de las personas;<br \/>\u2022 Prestaci\u00f3n y explotaci\u00f3n de los servicios;<br \/>\u2022 Alojamiento de datos de clientes o usuarios;<br \/>\u2022 Administraci\u00f3n y gesti\u00f3n de la red y los servicios.<\/p>\n<p>2. A efectos de intereses leg\u00edtimos o, en su caso, sobre la base de su consentimiento<br \/>Lucha contra el fraude y prevenci\u00f3n del impago;<br \/>Enriquecimiento y mejora de la base de datos de clientes\/clientes potenciales;<br \/>Suministro de contenido localizado y recomendaciones personalizadas basadas en an\u00e1lisis de uso;<br \/>Desarrollo de productos y servicios propios o de terceros y prospecci\u00f3n comercial;<br \/>Organizaci\u00f3n de competiciones;<br \/>Realizaci\u00f3n de estudios estad\u00edsticos, an\u00e1lisis y mediciones de audiencia;<br \/>despliegue y operaci\u00f3n de redes;<br \/>Seguridad de la red.<\/p>\n<p>3. Velar por el cumplimiento de nuestras obligaciones legales y reglamentarias definidas por la legislaci\u00f3n vigente.<br \/>Tiempo de conservaci\u00f3n de los datos.<br \/>Solo conservamos sus datos durante el tiempo necesario para cumplir con los fines mencionados anteriormente o para permitirnos cumplir con nuestras obligaciones legales. Los datos personales utilizados con fines de prospecci\u00f3n comercial podr\u00e1n conservarse durante un plazo m\u00e1ximo de cinco (5) a\u00f1os desde la finalizaci\u00f3n de la relaci\u00f3n comercial.<\/p>\n<p>\u00bfDestinatarios?<br \/>Sus datos personales pueden ser procesados por personal autorizado de la empresa, nuestros socios o proveedores de servicios. El uso de estos socios o proveedores de servicios es necesario para la correcta ejecuci\u00f3n del contrato entre usted y nosotros.<br \/>\u00bfQu\u00e9 seguridad para sus datos?<br \/>Hemos definido medidas t\u00e9cnicas y organizativas para proteger sus datos adecuadamente seg\u00fan su naturaleza, la extensi\u00f3n del procesamiento y su accesibilidad. Esto puede incluir, por ejemplo, cifrado de datos, gesti\u00f3n de derechos de acceso, flujos seguros, etc.<\/p>\n<p>El respeto por la seguridad y la protecci\u00f3n de sus datos es impuesto a todos nuestros empleados, as\u00ed como para nuestros proveedores de servicios.<\/p>\n<p>[\/et_pb_tab][et_pb_tab title=&#8221;Gesti\u00f3n de derechos&#8221; _builder_version=&#8221;4.14.7&#8243; global_colors_info=&#8221;{}&#8221;]<\/p>\n<p><strong>\u00bfCu\u00e1les son sus derechos?<\/strong><br \/>Puede solicitar en cualquier momento el acceso a los datos personales que le conciernen, su rectificaci\u00f3n, su supresi\u00f3n (en la medida en que ello no impida la correcta ejecuci\u00f3n del contrato o el respeto de nuestras obligaciones legales) y la limitaci\u00f3n de uno o m\u00e1s tratamientos especiales de datos que le concierna, en las condiciones previstas por el Reglamento. Tambi\u00e9n tiene derecho a modificar o retirar, en cualquier momento, los consentimientos que nos ha otorgado para el tratamiento de sus datos personales. Tambi\u00e9n tiene derecho a oponerse al tratamiento de sus datos personales y derecho a la portabilidad de los mismos, en las condiciones que establece el Reglamento<br \/>Sus datos personales pueden conservarse o eliminarse despu\u00e9s de su muerte de conformidad con el Reglamento. Tiene derecho a solicitarnos que comuniquemos estos datos a un tercero que haya designado previamente. <br \/>Modalidad en que se pueden ejercer sus derechos.<br \/>Puede ejercer sus derechos en cualquier momento poni\u00e9ndose en contacto con nosotros a trav\u00e9s de nuestro formulario de contacto o por correo electr\u00f3nico o por correo postal a:<br \/>Cogemacoustic<br \/>42, route du Palais \u2013 B.P. 11575<br \/>87022 LIMOGES Cedex 9 \u2013 FRANCE<br \/>Luego deber\u00e1 proporcionar su nombre y apellido, as\u00ed como una copia de su documento de identidad.<\/p>\n<p>[\/et_pb_tab][\/et_pb_tabs][\/et_pb_column][\/et_pb_row][\/et_pb_section]<\/p>\n","protected":false},"excerpt":{"rendered":"<p>Editor Este sitio de internet es propiedad de Cogemacoustic.\u00a0 La principal vocaci\u00f3n de este sitio es brindar informaciones propuestas por Cogemacoustic, la sede de nuestra empresa est\u00e1 ubicada\u00a0:42, route du Palais \u2013 B.P. 1157587022 LIMOGES Cedex 9 \u2013 FRANCEDirector de publicaci\u00f3n Sra. Marion ORIEZ Responsable de la publicacion Sr. Alan GILLIERSitio propulsado por\u200b WordpressDise\u00f1o y [&hellip;]<\/p>\n","protected":false},"author":2,"featured_media":0,"parent":0,"menu_order":0,"comment_status":"closed","ping_status":"closed","template":"","meta":{"_et_pb_use_builder":"on","_et_pb_old_content":"","_et_gb_content_width":"","footnotes":""},"class_list":["post-11104","page","type-page","status-publish","hentry"],"yoast_head":"<!-- This site is optimized with the Yoast SEO plugin v27.5 - https:\/\/yoast.com\/product\/yoast-seo-wordpress\/ -->\n<title>Menciones Legales - Cogemacoustic<\/title>\n<meta name=\"description\" content=\"Consulta nuestros avisos legales.\" \/>\n<meta name=\"robots\" content=\"index, follow, max-snippet:-1, max-image-preview:large, max-video-preview:-1\" \/>\n<link rel=\"canonical\" href=\"https:\/\/www.cogemacoustic.com\/es\/menciones-legales\/\" \/>\n<meta property=\"og:locale\" content=\"es_ES\" \/>\n<meta property=\"og:type\" content=\"article\" \/>\n<meta property=\"og:title\" content=\"Menciones Legales - Cogemacoustic\" \/>\n<meta property=\"og:description\" content=\"Consulta nuestros avisos legales.\" \/>\n<meta property=\"og:url\" content=\"https:\/\/www.cogemacoustic.com\/es\/menciones-legales\/\" \/>\n<meta property=\"og:site_name\" content=\"Cogemacoustic\" \/>\n<meta property=\"article:modified_time\" content=\"2022-02-10T12:59:23+00:00\" \/>\n<meta name=\"twitter:card\" content=\"summary_large_image\" \/>\n<meta name=\"twitter:label1\" content=\"Tiempo de lectura\" \/>\n\t<meta name=\"twitter:data1\" content=\"9 minutes\" \/>\n<script type=\"application\/ld+json\" class=\"yoast-schema-graph\">{\"@context\":\"https:\\\/\\\/schema.org\",\"@graph\":[{\"@type\":[\"WebPage\",\"AboutPage\"],\"@id\":\"https:\\\/\\\/www.cogemacoustic.com\\\/es\\\/menciones-legales\\\/\",\"url\":\"https:\\\/\\\/www.cogemacoustic.com\\\/es\\\/menciones-legales\\\/\",\"name\":\"Menciones Legales - Cogemacoustic\",\"isPartOf\":{\"@id\":\"https:\\\/\\\/www.cogemacoustic.com\\\/#website\"},\"datePublished\":\"2019-09-10T13:04:52+00:00\",\"dateModified\":\"2022-02-10T12:59:23+00:00\",\"description\":\"Consulta nuestros avisos legales.\",\"breadcrumb\":{\"@id\":\"https:\\\/\\\/www.cogemacoustic.com\\\/es\\\/menciones-legales\\\/#breadcrumb\"},\"inLanguage\":\"es-ES\",\"potentialAction\":[{\"@type\":\"ReadAction\",\"target\":[\"https:\\\/\\\/www.cogemacoustic.com\\\/es\\\/menciones-legales\\\/\"]}]},{\"@type\":\"BreadcrumbList\",\"@id\":\"https:\\\/\\\/www.cogemacoustic.com\\\/es\\\/menciones-legales\\\/#breadcrumb\",\"itemListElement\":[{\"@type\":\"ListItem\",\"position\":1,\"name\":\"Accueil\",\"item\":\"https:\\\/\\\/www.cogemacoustic.com\\\/es\\\/\"},{\"@type\":\"ListItem\",\"position\":2,\"name\":\"Menciones Legales\"}]},{\"@type\":\"WebSite\",\"@id\":\"https:\\\/\\\/www.cogemacoustic.com\\\/#website\",\"url\":\"https:\\\/\\\/www.cogemacoustic.com\\\/\",\"name\":\"Cogemacoustic\",\"description\":\"Ventilation Systems\",\"publisher\":{\"@id\":\"https:\\\/\\\/www.cogemacoustic.com\\\/#organization\"},\"potentialAction\":[{\"@type\":\"SearchAction\",\"target\":{\"@type\":\"EntryPoint\",\"urlTemplate\":\"https:\\\/\\\/www.cogemacoustic.com\\\/?s={search_term_string}\"},\"query-input\":{\"@type\":\"PropertyValueSpecification\",\"valueRequired\":true,\"valueName\":\"search_term_string\"}}],\"inLanguage\":\"es-ES\"},{\"@type\":\"Organization\",\"@id\":\"https:\\\/\\\/www.cogemacoustic.com\\\/#organization\",\"name\":\"ECE COGEMACOUSTIC\",\"url\":\"https:\\\/\\\/www.cogemacoustic.com\\\/\",\"logo\":{\"@type\":\"ImageObject\",\"inLanguage\":\"es-ES\",\"@id\":\"https:\\\/\\\/www.cogemacoustic.com\\\/#\\\/schema\\\/logo\\\/image\\\/\",\"url\":\"https:\\\/\\\/www.cogemacoustic.com\\\/site\\\/wp-content\\\/uploads\\\/2019\\\/09\\\/logo_cogemacoustic-small.png\",\"contentUrl\":\"https:\\\/\\\/www.cogemacoustic.com\\\/site\\\/wp-content\\\/uploads\\\/2019\\\/09\\\/logo_cogemacoustic-small.png\",\"width\":360,\"height\":78,\"caption\":\"ECE COGEMACOUSTIC\"},\"image\":{\"@id\":\"https:\\\/\\\/www.cogemacoustic.com\\\/#\\\/schema\\\/logo\\\/image\\\/\"},\"sameAs\":[\"https:\\\/\\\/www.linkedin.com\\\/company\\\/ece-cogemacoustic\",\"https:\\\/\\\/youtu.be\\\/ij21XofrkAY\"]}]}<\/script>\n<!-- \/ Yoast SEO plugin. -->","yoast_head_json":{"title":"Menciones Legales - Cogemacoustic","description":"Consulta nuestros avisos legales.","robots":{"index":"index","follow":"follow","max-snippet":"max-snippet:-1","max-image-preview":"max-image-preview:large","max-video-preview":"max-video-preview:-1"},"canonical":"https:\/\/www.cogemacoustic.com\/es\/menciones-legales\/","og_locale":"es_ES","og_type":"article","og_title":"Menciones Legales - Cogemacoustic","og_description":"Consulta nuestros avisos legales.","og_url":"https:\/\/www.cogemacoustic.com\/es\/menciones-legales\/","og_site_name":"Cogemacoustic","article_modified_time":"2022-02-10T12:59:23+00:00","twitter_card":"summary_large_image","twitter_misc":{"Tiempo de lectura":"9 minutes"},"schema":{"@context":"https:\/\/schema.org","@graph":[{"@type":["WebPage","AboutPage"],"@id":"https:\/\/www.cogemacoustic.com\/es\/menciones-legales\/","url":"https:\/\/www.cogemacoustic.com\/es\/menciones-legales\/","name":"Menciones Legales - Cogemacoustic","isPartOf":{"@id":"https:\/\/www.cogemacoustic.com\/#website"},"datePublished":"2019-09-10T13:04:52+00:00","dateModified":"2022-02-10T12:59:23+00:00","description":"Consulta nuestros avisos legales.","breadcrumb":{"@id":"https:\/\/www.cogemacoustic.com\/es\/menciones-legales\/#breadcrumb"},"inLanguage":"es-ES","potentialAction":[{"@type":"ReadAction","target":["https:\/\/www.cogemacoustic.com\/es\/menciones-legales\/"]}]},{"@type":"BreadcrumbList","@id":"https:\/\/www.cogemacoustic.com\/es\/menciones-legales\/#breadcrumb","itemListElement":[{"@type":"ListItem","position":1,"name":"Accueil","item":"https:\/\/www.cogemacoustic.com\/es\/"},{"@type":"ListItem","position":2,"name":"Menciones Legales"}]},{"@type":"WebSite","@id":"https:\/\/www.cogemacoustic.com\/#website","url":"https:\/\/www.cogemacoustic.com\/","name":"Cogemacoustic","description":"Ventilation Systems","publisher":{"@id":"https:\/\/www.cogemacoustic.com\/#organization"},"potentialAction":[{"@type":"SearchAction","target":{"@type":"EntryPoint","urlTemplate":"https:\/\/www.cogemacoustic.com\/?s={search_term_string}"},"query-input":{"@type":"PropertyValueSpecification","valueRequired":true,"valueName":"search_term_string"}}],"inLanguage":"es-ES"},{"@type":"Organization","@id":"https:\/\/www.cogemacoustic.com\/#organization","name":"ECE COGEMACOUSTIC","url":"https:\/\/www.cogemacoustic.com\/","logo":{"@type":"ImageObject","inLanguage":"es-ES","@id":"https:\/\/www.cogemacoustic.com\/#\/schema\/logo\/image\/","url":"https:\/\/www.cogemacoustic.com\/site\/wp-content\/uploads\/2019\/09\/logo_cogemacoustic-small.png","contentUrl":"https:\/\/www.cogemacoustic.com\/site\/wp-content\/uploads\/2019\/09\/logo_cogemacoustic-small.png","width":360,"height":78,"caption":"ECE COGEMACOUSTIC"},"image":{"@id":"https:\/\/www.cogemacoustic.com\/#\/schema\/logo\/image\/"},"sameAs":["https:\/\/www.linkedin.com\/company\/ece-cogemacoustic","https:\/\/youtu.be\/ij21XofrkAY"]}]}},"_links":{"self":[{"href":"https:\/\/www.cogemacoustic.com\/es\/wp-json\/wp\/v2\/pages\/11104","targetHints":{"allow":["GET"]}}],"collection":[{"href":"https:\/\/www.cogemacoustic.com\/es\/wp-json\/wp\/v2\/pages"}],"about":[{"href":"https:\/\/www.cogemacoustic.com\/es\/wp-json\/wp\/v2\/types\/page"}],"author":[{"embeddable":true,"href":"https:\/\/www.cogemacoustic.com\/es\/wp-json\/wp\/v2\/users\/2"}],"replies":[{"embeddable":true,"href":"https:\/\/www.cogemacoustic.com\/es\/wp-json\/wp\/v2\/comments?post=11104"}],"version-history":[{"count":5,"href":"https:\/\/www.cogemacoustic.com\/es\/wp-json\/wp\/v2\/pages\/11104\/revisions"}],"predecessor-version":[{"id":11244,"href":"https:\/\/www.cogemacoustic.com\/es\/wp-json\/wp\/v2\/pages\/11104\/revisions\/11244"}],"wp:attachment":[{"href":"https:\/\/www.cogemacoustic.com\/es\/wp-json\/wp\/v2\/media?parent=11104"}],"curies":[{"name":"wp","href":"https:\/\/api.w.org\/{rel}","templated":true}]}}